{"id":16448,"date":"2026-03-16T10:01:46","date_gmt":"2026-03-16T14:01:46","guid":{"rendered":"http:\/\/misionjosegregoriohernandez.gob.ve\/?page_id=16448"},"modified":"2026-03-18T18:55:59","modified_gmt":"2026-03-18T22:55:59","slug":"informacion-de-interes-2","status":"publish","type":"page","link":"http:\/\/misionjosegregoriohernandez.gob.ve\/?page_id=16448","title":{"rendered":"Informaci\u00f3n de inter\u00e9s"},"content":{"rendered":"\t\t<div data-elementor-type=\"wp-page\" data-elementor-id=\"16448\" class=\"elementor elementor-16448\" data-elementor-settings=\"[]\">\n\t\t\t\t\t\t\t<div class=\"elementor-section-wrap\">\n\t\t\t\t\t\t\t<section class=\"elementor-section elementor-top-section elementor-element elementor-element-2c94d76 elementor-section-boxed elementor-section-height-default elementor-section-height-default\" data-id=\"2c94d76\" data-element_type=\"section\">\n\t\t\t\t\t\t<div class=\"elementor-container elementor-column-gap-default\">\n\t\t\t\t\t<div class=\"elementor-column elementor-col-100 elementor-top-column elementor-element elementor-element-3927c6d\" data-id=\"3927c6d\" data-element_type=\"column\">\n\t\t\t<div class=\"elementor-widget-wrap elementor-element-populated\">\n\t\t\t\t\t\t\t\t<div class=\"elementor-element elementor-element-a2a036c elementor-widget elementor-widget-image\" data-id=\"a2a036c\" data-element_type=\"widget\" data-widget_type=\"image.default\">\n\t\t\t\t<div class=\"elementor-widget-container\">\n\t\t\t<style>\/*! elementor - v3.5.2 - 22-12-2021 *\/\n.elementor-widget-image{text-align:center}.elementor-widget-image a{display:inline-block}.elementor-widget-image a img[src$=\".svg\"]{width:48px}.elementor-widget-image img{vertical-align:middle;display:inline-block}<\/style>\t\t\t\t\t\t\t\t\t\t\t\t<img loading=\"lazy\" decoding=\"async\" width=\"1024\" height=\"559\" src=\"http:\/\/misionjosegregoriohernandez.gob.ve\/wp-content\/uploads\/2026\/03\/Gemini_Generated_Image_903ld4903ld4903l-1024x559.png\" class=\"attachment-large size-large\" alt=\"\" srcset=\"http:\/\/misionjosegregoriohernandez.gob.ve\/wp-content\/uploads\/2026\/03\/Gemini_Generated_Image_903ld4903ld4903l-1024x559.png 1024w, http:\/\/misionjosegregoriohernandez.gob.ve\/wp-content\/uploads\/2026\/03\/Gemini_Generated_Image_903ld4903ld4903l-300x164.png 300w, http:\/\/misionjosegregoriohernandez.gob.ve\/wp-content\/uploads\/2026\/03\/Gemini_Generated_Image_903ld4903ld4903l-768x419.png 768w, http:\/\/misionjosegregoriohernandez.gob.ve\/wp-content\/uploads\/2026\/03\/Gemini_Generated_Image_903ld4903ld4903l.png 1408w\" sizes=\"(max-width: 1024px) 100vw, 1024px\" \/>\t\t\t\t\t\t\t\t\t\t\t\t\t\t\t<\/div>\n\t\t\t\t<\/div>\n\t\t\t\t\t<\/div>\n\t\t<\/div>\n\t\t\t\t\t\t\t<\/div>\n\t\t<\/section>\n\t\t\t\t<section class=\"elementor-section elementor-top-section elementor-element elementor-element-79e2dc5 elementor-section-boxed elementor-section-height-default elementor-section-height-default\" data-id=\"79e2dc5\" data-element_type=\"section\">\n\t\t\t\t\t\t<div class=\"elementor-container elementor-column-gap-default\">\n\t\t\t\t\t<div class=\"elementor-column elementor-col-100 elementor-top-column elementor-element elementor-element-aba4a3e\" data-id=\"aba4a3e\" data-element_type=\"column\">\n\t\t\t<div class=\"elementor-widget-wrap elementor-element-populated\">\n\t\t\t\t\t\t\t\t<div class=\"elementor-element elementor-element-5bb9a3a elementor-widget elementor-widget-text-editor\" data-id=\"5bb9a3a\" data-element_type=\"widget\" data-widget_type=\"text-editor.default\">\n\t\t\t\t<div class=\"elementor-widget-container\">\n\t\t\t<style>\/*! elementor - v3.5.2 - 22-12-2021 *\/\n.elementor-widget-text-editor.elementor-drop-cap-view-stacked .elementor-drop-cap{background-color:#818a91;color:#fff}.elementor-widget-text-editor.elementor-drop-cap-view-framed .elementor-drop-cap{color:#818a91;border:3px solid;background-color:transparent}.elementor-widget-text-editor:not(.elementor-drop-cap-view-default) .elementor-drop-cap{margin-top:8px}.elementor-widget-text-editor:not(.elementor-drop-cap-view-default) .elementor-drop-cap-letter{width:1em;height:1em}.elementor-widget-text-editor .elementor-drop-cap{float:left;text-align:center;line-height:1;font-size:50px}.elementor-widget-text-editor .elementor-drop-cap-letter{display:inline-block}<\/style>\t\t\t\t<h3>\ud83d\udccc GU\u00cdA INFORMATIVA PARA PERSONAS CON DISCAPACIDAD (PcD) EN VENEZUELA<\/h3><p class=\"ds-markdown-paragraph\"><strong>Atenci\u00f3n y Apoyo a trav\u00e9s de la Fundaci\u00f3n Misi\u00f3n Jos\u00e9 Gregorio Hern\u00e1ndez<\/strong><\/p><p class=\"ds-markdown-paragraph\">Si t\u00fa o un familiar tienen una discapacidad, es fundamental que conozcas que <strong>la ley te respalda<\/strong>. En Venezuela, existen instituciones y derechos dise\u00f1ados para garantizar tu bienestar e inclusi\u00f3n. Esta gu\u00eda te muestra el camino para acceder a ellos y mejorar tu calidad de vida.<\/p><hr \/>\t\t\t\t\t\t<\/div>\n\t\t\t\t<\/div>\n\t\t\t\t\t<\/div>\n\t\t<\/div>\n\t\t\t\t\t\t\t<\/div>\n\t\t<\/section>\n\t\t\t\t<section class=\"elementor-section elementor-top-section elementor-element elementor-element-8b53df2 elementor-section-boxed elementor-section-height-default elementor-section-height-default\" data-id=\"8b53df2\" data-element_type=\"section\">\n\t\t\t\t\t\t<div class=\"elementor-container elementor-column-gap-default\">\n\t\t\t\t\t<div class=\"elementor-column elementor-col-100 elementor-top-column elementor-element elementor-element-812f6cb\" data-id=\"812f6cb\" data-element_type=\"column\">\n\t\t\t<div class=\"elementor-widget-wrap elementor-element-populated\">\n\t\t\t\t\t\t\t\t<div class=\"elementor-element elementor-element-bfa3b1c elementor-widget elementor-widget-text-editor\" data-id=\"bfa3b1c\" data-element_type=\"widget\" data-widget_type=\"text-editor.default\">\n\t\t\t\t<div class=\"elementor-widget-container\">\n\t\t\t\t\t\t\t<h3>\ud83d\udee1\ufe0f 1. CONOCE TUS DERECHOS: La Nueva Ley<\/h3><p class=\"ds-markdown-paragraph\"><strong>Tu principal herramienta de protecci\u00f3n<\/strong><\/p><p class=\"ds-markdown-paragraph\">En marzo de 2024 se sancion\u00f3 la <strong>Ley Org\u00e1nica para la Inclusi\u00f3n, Igualdad y Desarrollo Integral de las Personas con Discapacidad<\/strong>. Esta ley es un gran avance y garantiza:<\/p><ul><li><p class=\"ds-markdown-paragraph\"><strong>Equiparaci\u00f3n de oportunidades:<\/strong> Para que tengas las mismas posibilidades que cualquier otra persona.<\/p><\/li><li><p class=\"ds-markdown-paragraph\"><strong>Accesibilidad universal:<\/strong> Para que puedas desplazarte, comunicarte y acceder a servicios sin barreras.<\/p><\/li><li><p class=\"ds-markdown-paragraph\"><strong>Inclusi\u00f3n plena:<\/strong> Para que participes activamente en todos los \u00e1mbitos de la sociedad venezolana.<\/p><\/li><\/ul><p class=\"ds-markdown-paragraph\">Esta ley se alinea con la <strong>Convenci\u00f3n de la ONU sobre los Derechos de las Personas con Discapacidad<\/strong>, un tratado internacional que reconoce tu igualdad de derechos. Conocerla es el primer paso para exigir su cumplimiento.<\/p>\t\t\t\t\t\t<\/div>\n\t\t\t\t<\/div>\n\t\t\t\t\t<\/div>\n\t\t<\/div>\n\t\t\t\t\t\t\t<\/div>\n\t\t<\/section>\n\t\t\t\t<section class=\"elementor-section elementor-top-section elementor-element elementor-element-657f6da elementor-section-boxed elementor-section-height-default elementor-section-height-default\" data-id=\"657f6da\" data-element_type=\"section\">\n\t\t\t\t\t\t<div class=\"elementor-container elementor-column-gap-default\">\n\t\t\t\t\t<div class=\"elementor-column elementor-col-100 elementor-top-column elementor-element elementor-element-fb48734\" data-id=\"fb48734\" data-element_type=\"column\">\n\t\t\t<div class=\"elementor-widget-wrap elementor-element-populated\">\n\t\t\t\t\t\t\t\t<div class=\"elementor-element elementor-element-4249da8 elementor-widget elementor-widget-text-editor\" data-id=\"4249da8\" data-element_type=\"widget\" data-widget_type=\"text-editor.default\">\n\t\t\t\t<div class=\"elementor-widget-container\">\n\t\t\t\t\t\t\t<h3>\ud83c\udfdb\ufe0f 2. INSTITUCI\u00d3N CLAVE: Fundaci\u00f3n Misi\u00f3n Jos\u00e9 Gregorio Hern\u00e1ndez<\/h3><p class=\"ds-markdown-paragraph\"><strong>Tu aliado principal para el apoyo y la certificaci\u00f3n<\/strong><\/p><p class=\"ds-markdown-paragraph\">Esta fundaci\u00f3n es la puerta de entrada a la mayor\u00eda de los beneficios y programas sociales del Estado. Su objetivo es brindar atenci\u00f3n integral y facilitar tu inclusi\u00f3n.<\/p><h4>\u00bfC\u00f3mo iniciar el proceso?<\/h4><p class=\"ds-markdown-paragraph\">Para acceder a los beneficios, el primer paso es obtener la <strong>Certificaci\u00f3n de Discapacidad<\/strong>. Sigue estos pasos:<\/p><p class=\"ds-markdown-paragraph\"><strong>\u00a0Paso 1: La Evaluaci\u00f3n M\u00e9dica (Clasificaci\u00f3n y Calificaci\u00f3n).<\/strong><\/p><ul><li>Debes acudir al centro de salud de la red p\u00fablica (<strong>MPPS \u2013 Misi\u00f3n Barrio Adentro<\/strong>) m\u00e1s cercano a tu comunidad.<\/li><li><p class=\"ds-markdown-paragraph\">All\u00ed te realizar\u00e1n una evaluaci\u00f3n m\u00e9dica preliminar por un <strong>equipo multidisciplinario<\/strong> (m\u00e9dicos, terapeutas, trabajadores sociales)\u00a0que determina el <strong>grado y tipo de discapacidad<\/strong>. <span style=\"color: #000000;\">(<span dir=\"auto\" data-cya11y-org-font-size=\"22\"><strong><a style=\"color: #000000;\" href=\"http:\/\/misionjosegregoriohernandez.gob.ve\/?page_id=2760\" data-cya11y-org-font-size=\"22\">M\u00e1s detalle:\u00a0 \u00bfQue es clasificaci\u00f3n y calificaci\u00f3n de la discapacidad ?)<\/a><\/strong><\/span><\/span><\/p><\/li><\/ul><p class=\"ds-markdown-paragraph\"><strong>Paso 2: Certificaci\u00f3n y Registro.<\/strong><\/p><ul><li data-cya11y-org-font-size=\"22\"><p class=\"ds-markdown-paragraph\" data-cya11y-org-font-size=\"22\"><strong>\u00bfQu\u00e9 es?<\/strong> Una vez tengas la evaluaci\u00f3n, se procede a emitir el carnet f\u00edsico que te acredita oficialmente como Persona con Discapacidad.<\/p><\/li><li data-cya11y-org-font-size=\"22\"><p class=\"ds-markdown-paragraph\" data-cya11y-org-font-size=\"22\"><strong>\u00bfD\u00f3nde se hace?<\/strong> Debes dirigirte a la <strong>oficina del CONAPDIS<\/strong> m\u00e1s cercana a tu domicilio. <span data-cya11y-org-font-size=\"22\"><strong><span dir=\"auto\" data-cya11y-org-font-size=\"22\"><a href=\"http:\/\/misionjosegregoriohernandez.gob.ve\/?page_id=2827\" data-cya11y-org-font-size=\"22\"><span style=\"color: #000000;\">M\u00e1s detalle: Pasos a seguir para obtener el (carnet) certificado de discapacidad<\/span><\/a><span style=\"color: #000000;\">.<\/span><\/span><\/strong><\/span><\/p><\/li><\/ul><ul><li><p class=\"ds-markdown-paragraph\">Si el equipo lo confirma, se te otorgar\u00e1 un <strong>Certificado de Discapacidad<\/strong>. Este documento es <strong>obligatorio<\/strong> para inscribirte en el registro de la Misi\u00f3n y acceder a los beneficios.<\/p><\/li><\/ul>\t\t\t\t\t\t<\/div>\n\t\t\t\t<\/div>\n\t\t\t\t\t<\/div>\n\t\t<\/div>\n\t\t\t\t\t\t\t<\/div>\n\t\t<\/section>\n\t\t\t\t<section class=\"elementor-section elementor-top-section elementor-element elementor-element-99e6767 elementor-section-boxed elementor-section-height-default elementor-section-height-default\" data-id=\"99e6767\" data-element_type=\"section\">\n\t\t\t\t\t\t<div class=\"elementor-container elementor-column-gap-default\">\n\t\t\t\t\t<div class=\"elementor-column elementor-col-100 elementor-top-column elementor-element elementor-element-d53c5a5\" data-id=\"d53c5a5\" data-element_type=\"column\">\n\t\t\t<div class=\"elementor-widget-wrap elementor-element-populated\">\n\t\t\t\t\t\t\t\t<div class=\"elementor-element elementor-element-cae1d31 elementor-widget elementor-widget-text-editor\" data-id=\"cae1d31\" data-element_type=\"widget\" data-widget_type=\"text-editor.default\">\n\t\t\t\t<div class=\"elementor-widget-container\">\n\t\t\t\t\t\t\t<p><strong>\u00bfPara qu\u00e9 sirve este carnet?<\/strong> Es tu documento oficial que te permite acceder a todos los beneficios, programas sociales, ayudas t\u00e9cnicas y exenciones de ley. <span dir=\"auto\" style=\"color: #000000;\" data-cya11y-org-font-size=\"22\"><a style=\"color: #000000;\" href=\"http:\/\/misionjosegregoriohernandez.gob.ve\/?page_id=2816\" data-cya11y-org-font-size=\"22\"><strong>M\u00e1s detalle: \u00bfPara qu\u00e9 sirve el (carnet) certificado de discapacidad?<\/strong><\/a><\/span><\/p>\t\t\t\t\t\t<\/div>\n\t\t\t\t<\/div>\n\t\t\t\t\t<\/div>\n\t\t<\/div>\n\t\t\t\t\t\t\t<\/div>\n\t\t<\/section>\n\t\t\t\t<section class=\"elementor-section elementor-top-section elementor-element elementor-element-fe11143 elementor-section-boxed elementor-section-height-default elementor-section-height-default\" data-id=\"fe11143\" data-element_type=\"section\">\n\t\t\t\t\t\t<div class=\"elementor-container elementor-column-gap-default\">\n\t\t\t\t\t<div class=\"elementor-column elementor-col-100 elementor-top-column elementor-element elementor-element-5edd055\" data-id=\"5edd055\" data-element_type=\"column\">\n\t\t\t<div class=\"elementor-widget-wrap elementor-element-populated\">\n\t\t\t\t\t\t\t\t<div class=\"elementor-element elementor-element-7a977f4 elementor-widget elementor-widget-text-editor\" data-id=\"7a977f4\" data-element_type=\"widget\" data-widget_type=\"text-editor.default\">\n\t\t\t\t<div class=\"elementor-widget-container\">\n\t\t\t\t\t\t\t<h3 class=\"fittexted_for_content_h3\" data-cya11y-org-font-size=\"38\">\ud83d\udce2 \u00a1IMPORTANTE!<\/h3><p class=\"ds-markdown-paragraph\" data-cya11y-org-font-size=\"22\"><strong>Para obtener tu certificado oficial y empezar a ejercer tus derechos, inicia el proceso acudiendo a un centro de salud (MPPS) y luego al CONAPDIS.<\/strong> La Fundaci\u00f3n Misi\u00f3n Jos\u00e9 Gregorio Hern\u00e1ndez te acompa\u00f1a en este proceso.<\/p>\t\t\t\t\t\t<\/div>\n\t\t\t\t<\/div>\n\t\t\t\t\t<\/div>\n\t\t<\/div>\n\t\t\t\t\t\t\t<\/div>\n\t\t<\/section>\n\t\t\t\t<section class=\"elementor-section elementor-top-section elementor-element elementor-element-0913c54 elementor-section-boxed elementor-section-height-default elementor-section-height-default\" data-id=\"0913c54\" data-element_type=\"section\">\n\t\t\t\t\t\t<div class=\"elementor-container elementor-column-gap-default\">\n\t\t\t\t\t<div class=\"elementor-column elementor-col-100 elementor-top-column elementor-element elementor-element-48c2034\" data-id=\"48c2034\" data-element_type=\"column\">\n\t\t\t<div class=\"elementor-widget-wrap elementor-element-populated\">\n\t\t\t\t\t\t\t\t<div class=\"elementor-element elementor-element-3aed8f4 elementor-widget elementor-widget-image\" data-id=\"3aed8f4\" data-element_type=\"widget\" data-widget_type=\"image.default\">\n\t\t\t\t<div class=\"elementor-widget-container\">\n\t\t\t\t\t\t\t\t\t\t\t\t\t\t\t<img loading=\"lazy\" decoding=\"async\" width=\"1024\" height=\"559\" src=\"http:\/\/misionjosegregoriohernandez.gob.ve\/wp-content\/uploads\/2026\/03\/Gemini_Generated_Image_tv9zbxtv9zbxtv9z-1024x559.png\" class=\"attachment-large size-large\" alt=\"\" srcset=\"http:\/\/misionjosegregoriohernandez.gob.ve\/wp-content\/uploads\/2026\/03\/Gemini_Generated_Image_tv9zbxtv9zbxtv9z-1024x559.png 1024w, http:\/\/misionjosegregoriohernandez.gob.ve\/wp-content\/uploads\/2026\/03\/Gemini_Generated_Image_tv9zbxtv9zbxtv9z-300x164.png 300w, http:\/\/misionjosegregoriohernandez.gob.ve\/wp-content\/uploads\/2026\/03\/Gemini_Generated_Image_tv9zbxtv9zbxtv9z-768x419.png 768w, http:\/\/misionjosegregoriohernandez.gob.ve\/wp-content\/uploads\/2026\/03\/Gemini_Generated_Image_tv9zbxtv9zbxtv9z.png 1408w\" sizes=\"(max-width: 1024px) 100vw, 1024px\" \/>\t\t\t\t\t\t\t\t\t\t\t\t\t\t\t<\/div>\n\t\t\t\t<\/div>\n\t\t\t\t\t<\/div>\n\t\t<\/div>\n\t\t\t\t\t\t\t<\/div>\n\t\t<\/section>\n\t\t\t\t<section class=\"elementor-section elementor-top-section elementor-element elementor-element-623e3b9 elementor-section-boxed elementor-section-height-default elementor-section-height-default\" data-id=\"623e3b9\" data-element_type=\"section\">\n\t\t\t\t\t\t<div class=\"elementor-container elementor-column-gap-default\">\n\t\t\t\t\t<div class=\"elementor-column elementor-col-100 elementor-top-column elementor-element elementor-element-f32a104\" data-id=\"f32a104\" data-element_type=\"column\">\n\t\t\t<div class=\"elementor-widget-wrap elementor-element-populated\">\n\t\t\t\t\t\t\t\t<div class=\"elementor-element elementor-element-ff8058a elementor-widget elementor-widget-image\" data-id=\"ff8058a\" data-element_type=\"widget\" data-widget_type=\"image.default\">\n\t\t\t\t<div class=\"elementor-widget-container\">\n\t\t\t\t\t\t\t\t\t\t\t\t\t\t\t<img loading=\"lazy\" decoding=\"async\" width=\"1024\" height=\"559\" src=\"http:\/\/misionjosegregoriohernandez.gob.ve\/wp-content\/uploads\/2026\/03\/Gemini_Generated_Image_y6913ry6913ry691-1024x559.png\" class=\"attachment-large size-large\" alt=\"\" srcset=\"http:\/\/misionjosegregoriohernandez.gob.ve\/wp-content\/uploads\/2026\/03\/Gemini_Generated_Image_y6913ry6913ry691-1024x559.png 1024w, http:\/\/misionjosegregoriohernandez.gob.ve\/wp-content\/uploads\/2026\/03\/Gemini_Generated_Image_y6913ry6913ry691-300x164.png 300w, http:\/\/misionjosegregoriohernandez.gob.ve\/wp-content\/uploads\/2026\/03\/Gemini_Generated_Image_y6913ry6913ry691-768x419.png 768w, http:\/\/misionjosegregoriohernandez.gob.ve\/wp-content\/uploads\/2026\/03\/Gemini_Generated_Image_y6913ry6913ry691.png 1408w\" sizes=\"(max-width: 1024px) 100vw, 1024px\" \/>\t\t\t\t\t\t\t\t\t\t\t\t\t\t\t<\/div>\n\t\t\t\t<\/div>\n\t\t\t\t\t<\/div>\n\t\t<\/div>\n\t\t\t\t\t\t\t<\/div>\n\t\t<\/section>\n\t\t\t\t<section class=\"elementor-section elementor-top-section elementor-element elementor-element-e4fcbd5 elementor-section-boxed elementor-section-height-default elementor-section-height-default\" data-id=\"e4fcbd5\" data-element_type=\"section\">\n\t\t\t\t\t\t<div class=\"elementor-container elementor-column-gap-default\">\n\t\t\t\t\t<div class=\"elementor-column elementor-col-100 elementor-top-column elementor-element elementor-element-316feb4\" data-id=\"316feb4\" data-element_type=\"column\">\n\t\t\t<div class=\"elementor-widget-wrap elementor-element-populated\">\n\t\t\t\t\t\t\t\t<div class=\"elementor-element elementor-element-85a9a94 elementor-widget elementor-widget-image\" data-id=\"85a9a94\" data-element_type=\"widget\" data-widget_type=\"image.default\">\n\t\t\t\t<div class=\"elementor-widget-container\">\n\t\t\t\t\t\t\t\t\t\t\t\t\t\t\t<img loading=\"lazy\" decoding=\"async\" width=\"1024\" height=\"559\" src=\"http:\/\/misionjosegregoriohernandez.gob.ve\/wp-content\/uploads\/2026\/03\/Gemini_Generated_Image_tyorejtyorejtyor-1024x559.png\" class=\"attachment-large size-large\" alt=\"\" srcset=\"http:\/\/misionjosegregoriohernandez.gob.ve\/wp-content\/uploads\/2026\/03\/Gemini_Generated_Image_tyorejtyorejtyor-1024x559.png 1024w, http:\/\/misionjosegregoriohernandez.gob.ve\/wp-content\/uploads\/2026\/03\/Gemini_Generated_Image_tyorejtyorejtyor-300x164.png 300w, http:\/\/misionjosegregoriohernandez.gob.ve\/wp-content\/uploads\/2026\/03\/Gemini_Generated_Image_tyorejtyorejtyor-768x419.png 768w, http:\/\/misionjosegregoriohernandez.gob.ve\/wp-content\/uploads\/2026\/03\/Gemini_Generated_Image_tyorejtyorejtyor.png 1408w\" sizes=\"(max-width: 1024px) 100vw, 1024px\" \/>\t\t\t\t\t\t\t\t\t\t\t\t\t\t\t<\/div>\n\t\t\t\t<\/div>\n\t\t\t\t\t<\/div>\n\t\t<\/div>\n\t\t\t\t\t\t\t<\/div>\n\t\t<\/section>\n\t\t\t\t<section class=\"elementor-section elementor-top-section elementor-element elementor-element-6854bc4 elementor-section-boxed elementor-section-height-default elementor-section-height-default\" data-id=\"6854bc4\" data-element_type=\"section\">\n\t\t\t\t\t\t<div class=\"elementor-container elementor-column-gap-default\">\n\t\t\t\t\t<div class=\"elementor-column elementor-col-100 elementor-top-column elementor-element elementor-element-743a6ae\" data-id=\"743a6ae\" data-element_type=\"column\">\n\t\t\t<div class=\"elementor-widget-wrap elementor-element-populated\">\n\t\t\t\t\t\t\t\t<div class=\"elementor-element elementor-element-e83cf56 elementor-widget elementor-widget-image\" data-id=\"e83cf56\" data-element_type=\"widget\" data-widget_type=\"image.default\">\n\t\t\t\t<div class=\"elementor-widget-container\">\n\t\t\t\t\t\t\t\t\t\t\t\t\t\t\t<img loading=\"lazy\" decoding=\"async\" width=\"1024\" height=\"559\" src=\"http:\/\/misionjosegregoriohernandez.gob.ve\/wp-content\/uploads\/2026\/03\/Gemini_Generated_Image_6k74196k74196k74-1024x559.png\" class=\"attachment-large size-large\" alt=\"\" srcset=\"http:\/\/misionjosegregoriohernandez.gob.ve\/wp-content\/uploads\/2026\/03\/Gemini_Generated_Image_6k74196k74196k74-1024x559.png 1024w, http:\/\/misionjosegregoriohernandez.gob.ve\/wp-content\/uploads\/2026\/03\/Gemini_Generated_Image_6k74196k74196k74-300x164.png 300w, http:\/\/misionjosegregoriohernandez.gob.ve\/wp-content\/uploads\/2026\/03\/Gemini_Generated_Image_6k74196k74196k74-768x419.png 768w, http:\/\/misionjosegregoriohernandez.gob.ve\/wp-content\/uploads\/2026\/03\/Gemini_Generated_Image_6k74196k74196k74.png 1408w\" sizes=\"(max-width: 1024px) 100vw, 1024px\" \/>\t\t\t\t\t\t\t\t\t\t\t\t\t\t\t<\/div>\n\t\t\t\t<\/div>\n\t\t\t\t\t<\/div>\n\t\t<\/div>\n\t\t\t\t\t\t\t<\/div>\n\t\t<\/section>\n\t\t\t\t<section class=\"elementor-section elementor-top-section elementor-element elementor-element-1f1d455 elementor-section-boxed elementor-section-height-default elementor-section-height-default\" data-id=\"1f1d455\" data-element_type=\"section\">\n\t\t\t\t\t\t<div class=\"elementor-container elementor-column-gap-default\">\n\t\t\t\t\t<div class=\"elementor-column elementor-col-100 elementor-top-column elementor-element elementor-element-fec18e6\" data-id=\"fec18e6\" data-element_type=\"column\">\n\t\t\t<div class=\"elementor-widget-wrap elementor-element-populated\">\n\t\t\t\t\t\t\t\t<div class=\"elementor-element elementor-element-959b617 elementor-widget elementor-widget-text-editor\" data-id=\"959b617\" data-element_type=\"widget\" data-widget_type=\"text-editor.default\">\n\t\t\t\t<div class=\"elementor-widget-container\">\n\t\t\t\t\t\t\t<h2 class=\"fittexted_for_content_h2\" data-cya11y-org-font-size=\"46\">\ud83c\udf81 3. Beneficios y Derechos Clave para PcD<\/h2><p>Una vez certificado por el CONAPDIS, puedes ejercer y exigir los siguientes derechos:<\/p>\t\t\t\t\t\t<\/div>\n\t\t\t\t<\/div>\n\t\t\t\t\t<\/div>\n\t\t<\/div>\n\t\t\t\t\t\t\t<\/div>\n\t\t<\/section>\n\t\t\t\t<section class=\"elementor-section elementor-top-section elementor-element elementor-element-2aa18a9 elementor-section-boxed elementor-section-height-default elementor-section-height-default\" data-id=\"2aa18a9\" data-element_type=\"section\">\n\t\t\t\t\t\t<div class=\"elementor-container elementor-column-gap-default\">\n\t\t\t\t\t<div class=\"elementor-column elementor-col-33 elementor-top-column elementor-element elementor-element-d4e3b76\" data-id=\"d4e3b76\" data-element_type=\"column\">\n\t\t\t<div class=\"elementor-widget-wrap elementor-element-populated\">\n\t\t\t\t\t\t\t\t<div class=\"elementor-element elementor-element-5c521e2 elementor-widget elementor-widget-text-editor\" data-id=\"5c521e2\" data-element_type=\"widget\" data-widget_type=\"text-editor.default\">\n\t\t\t\t<div class=\"elementor-widget-container\">\n\t\t\t\t\t\t\t<ul><li><p class=\"ds-markdown-paragraph\" data-cya11y-org-font-size=\"22\"><strong>\ud83d\ude8c Transporte P\u00fablico Gratuito:<\/strong><\/p><ul><li data-cya11y-org-font-size=\"22\"><p class=\"ds-markdown-paragraph\" data-cya11y-org-font-size=\"22\">Tienes derecho al <strong>acceso gratuito o preferencial<\/strong> en el sistema de transporte p\u00fablico.<\/p><\/li><li data-cya11y-org-font-size=\"22\"><p class=\"ds-markdown-paragraph\" data-cya11y-org-font-size=\"22\">Est\u00e1 <strong>prohibido<\/strong> que te cobren un monto adicional por el traslado de tus ayudas humanas (sillas de ruedas, muletas, etc.).<\/p><\/li><\/ul><\/li><\/ul>\t\t\t\t\t\t<\/div>\n\t\t\t\t<\/div>\n\t\t\t\t\t<\/div>\n\t\t<\/div>\n\t\t\t\t<div class=\"elementor-column elementor-col-33 elementor-top-column elementor-element elementor-element-ef45311\" data-id=\"ef45311\" data-element_type=\"column\">\n\t\t\t<div class=\"elementor-widget-wrap elementor-element-populated\">\n\t\t\t\t\t\t\t\t<div class=\"elementor-element elementor-element-6f41dfa elementor-widget elementor-widget-text-editor\" data-id=\"6f41dfa\" data-element_type=\"widget\" data-widget_type=\"text-editor.default\">\n\t\t\t\t<div class=\"elementor-widget-container\">\n\t\t\t\t\t\t\t<p>\u00a0<strong>\ud83d\udcbc Inserci\u00f3n Laboral:<\/strong><\/p><ul><li>Tienes derecho a postularte y acceder a un empleo formal en igualdad de condiciones.<\/li><li>Se otorga prioridad en los permisos para el trabajo por cuenta propia (emprendimientos).<\/li><\/ul>\t\t\t\t\t\t<\/div>\n\t\t\t\t<\/div>\n\t\t\t\t\t<\/div>\n\t\t<\/div>\n\t\t\t\t<div class=\"elementor-column elementor-col-33 elementor-top-column elementor-element elementor-element-e3342ce\" data-id=\"e3342ce\" data-element_type=\"column\">\n\t\t\t<div class=\"elementor-widget-wrap elementor-element-populated\">\n\t\t\t\t\t\t\t\t<div class=\"elementor-element elementor-element-edc052f elementor-widget elementor-widget-text-editor\" data-id=\"edc052f\" data-element_type=\"widget\" data-widget_type=\"text-editor.default\">\n\t\t\t\t<div class=\"elementor-widget-container\">\n\t\t\t\t\t\t\t<p class=\"ds-markdown-paragraph\" data-cya11y-org-font-size=\"22\"><strong>\ud83d\ude97 Movilidad Personal:<\/strong><\/p><ul><li style=\"list-style-type: none;\"><ul><li data-cya11y-org-font-size=\"22\"><p class=\"ds-markdown-paragraph\" data-cya11y-org-font-size=\"22\">Si conduces o transportas regularmente a una PcD, puedes solicitar las <strong>placas especiales<\/strong> para veh\u00edculos, que facilitan el estacionamiento y la circulaci\u00f3n.<\/p><\/li><\/ul><\/li><\/ul>\t\t\t\t\t\t<\/div>\n\t\t\t\t<\/div>\n\t\t\t\t<div class=\"elementor-element elementor-element-691e2e8 elementor-widget elementor-widget-text-editor\" data-id=\"691e2e8\" data-element_type=\"widget\" data-widget_type=\"text-editor.default\">\n\t\t\t\t<div class=\"elementor-widget-container\">\n\t\t\t\t\t\t\t\t\t\t\t\t\t<\/div>\n\t\t\t\t<\/div>\n\t\t\t\t\t<\/div>\n\t\t<\/div>\n\t\t\t\t\t\t\t<\/div>\n\t\t<\/section>\n\t\t\t\t<section class=\"elementor-section elementor-top-section elementor-element elementor-element-555d799 elementor-section-boxed elementor-section-height-default elementor-section-height-default\" data-id=\"555d799\" data-element_type=\"section\">\n\t\t\t\t\t\t<div class=\"elementor-container elementor-column-gap-default\">\n\t\t\t\t\t<div class=\"elementor-column elementor-col-100 elementor-top-column elementor-element elementor-element-42d309e\" data-id=\"42d309e\" data-element_type=\"column\">\n\t\t\t<div class=\"elementor-widget-wrap elementor-element-populated\">\n\t\t\t\t\t\t\t\t<div class=\"elementor-element elementor-element-acec22a elementor-widget elementor-widget-text-editor\" data-id=\"acec22a\" data-element_type=\"widget\" data-widget_type=\"text-editor.default\">\n\t\t\t\t<div class=\"elementor-widget-container\">\n\t\t\t\t\t\t\t<h2 class=\"fittexted_for_content_h2\" data-cya11y-org-font-size=\"46\">\ud83c\udfdb\ufe0f 4. Instituciones que te Ayudan y C\u00f3mo Contactarlas<\/h2>\t\t\t\t\t\t<\/div>\n\t\t\t\t<\/div>\n\t\t\t\t\t<\/div>\n\t\t<\/div>\n\t\t\t\t\t\t\t<\/div>\n\t\t<\/section>\n\t\t\t\t<section class=\"elementor-section elementor-top-section elementor-element elementor-element-ed14b50 elementor-section-boxed elementor-section-height-default elementor-section-height-default\" data-id=\"ed14b50\" data-element_type=\"section\">\n\t\t\t\t\t\t<div class=\"elementor-container elementor-column-gap-default\">\n\t\t\t\t\t<div class=\"elementor-column elementor-col-100 elementor-top-column elementor-element elementor-element-55e0778\" data-id=\"55e0778\" data-element_type=\"column\">\n\t\t\t<div class=\"elementor-widget-wrap elementor-element-populated\">\n\t\t\t\t\t\t\t\t<div class=\"elementor-element elementor-element-2b9b896 elementor-widget elementor-widget-text-editor\" data-id=\"2b9b896\" data-element_type=\"widget\" data-widget_type=\"text-editor.default\">\n\t\t\t\t<div class=\"elementor-widget-container\">\n\t\t\t\t\t\t\t<div class=\"ds-scroll-area _1210dd7 c03cafe9\" data-cya11y-org-font-size=\"22\"><table><thead><tr><th data-cya11y-org-font-size=\"19\">Instituci\u00f3n<\/th><th data-cya11y-org-font-size=\"19\">\u00bfQu\u00e9 hace?<\/th><th data-cya11y-org-font-size=\"19\">\u00bfC\u00f3mo contactarlas?<\/th><\/tr><\/thead><tbody><tr class=\"alt\"><td data-cya11y-org-font-size=\"19\"><strong>CONAPDIS<\/strong><\/td><td data-cya11y-org-font-size=\"19\">Ente rector. Realiza el registro y la certificaci\u00f3n. Publica jornadas especiales.<\/td><td data-cya11y-org-font-size=\"19\"><strong>Instagram:<\/strong> @conapdisvzla <br \/><strong>Web:<\/strong> Consulta su sitio oficial para sedes y jornadas m\u00f3viles.<\/td><\/tr><tr><td data-cya11y-org-font-size=\"19\"><strong>Fundaci\u00f3n Misi\u00f3n Jos\u00e9 Gregorio Hern\u00e1ndez<\/strong><\/td><td data-cya11y-org-font-size=\"19\">Brazo ejecutor y de apoyo. Canaliza ayudas t\u00e9cnicas y brinda atenci\u00f3n directa en todo el pa\u00eds.<\/td><td data-cya11y-org-font-size=\"19\"><em>http:\/\/misionjosegregoriohernandez.gob.ve<\/em><\/td><\/tr><tr class=\"alt\"><td data-cya11y-org-font-size=\"19\">\u00a0<\/td><td data-cya11y-org-font-size=\"19\">\u00a0<\/td><td data-cya11y-org-font-size=\"19\">\u00a0<\/td><\/tr><\/tbody><\/table><\/div><hr \/><p class=\"ds-markdown-paragraph\" data-cya11y-org-font-size=\"22\">\u00a0<\/p>\t\t\t\t\t\t<\/div>\n\t\t\t\t<\/div>\n\t\t\t\t\t<\/div>\n\t\t<\/div>\n\t\t\t\t\t\t\t<\/div>\n\t\t<\/section>\n\t\t\t\t<section class=\"elementor-section elementor-top-section elementor-element elementor-element-200be98 elementor-section-boxed elementor-section-height-default elementor-section-height-default\" data-id=\"200be98\" data-element_type=\"section\">\n\t\t\t\t\t\t<div class=\"elementor-container elementor-column-gap-default\">\n\t\t\t\t\t<div class=\"elementor-column elementor-col-100 elementor-top-column elementor-element elementor-element-bf178bf\" data-id=\"bf178bf\" data-element_type=\"column\">\n\t\t\t<div class=\"elementor-widget-wrap elementor-element-populated\">\n\t\t\t\t\t\t\t\t<div class=\"elementor-element elementor-element-84ddcdb elementor-widget elementor-widget-text-editor\" data-id=\"84ddcdb\" data-element_type=\"widget\" data-widget_type=\"text-editor.default\">\n\t\t\t\t<div class=\"elementor-widget-container\">\n\t\t\t\t\t\t\t<h3 class=\"fittexted_for_content_h3\" data-cya11y-org-font-size=\"38\">\ud83e\udd1d 5.- Jornadas Integrales y Despliegues Comunitarios<\/h3><p class=\"ds-markdown-paragraph\" data-cya11y-org-font-size=\"22\">La FMJGH, en articulaci\u00f3n con CONAPDIS y otras instituciones, se despliega en todo el territorio nacional para acercar los servicios a las comunidades . En estas jornadas se ofrecen m\u00faltiples servicios de manera concentrada :<\/p><ul><li data-cya11y-org-font-size=\"22\"><p class=\"ds-markdown-paragraph\" data-cya11y-org-font-size=\"22\"><strong>Atenci\u00f3n m\u00e9dica:<\/strong> Medicina general, interna y ecograf\u00edas.<\/p><\/li><li data-cya11y-org-font-size=\"22\"><p class=\"ds-markdown-paragraph\" data-cya11y-org-font-size=\"22\"><strong>Procesos de certificaci\u00f3n:<\/strong> Clasificaci\u00f3n y calificaci\u00f3n de la discapacidad para la obtenci\u00f3n del carnet.<\/p><\/li><li data-cya11y-org-font-size=\"22\"><p class=\"ds-markdown-paragraph\" data-cya11y-org-font-size=\"22\"><strong>Actividades recreativas, culturales y deportivas:<\/strong> Incluyendo deporte adaptado.<\/p><\/li><\/ul><p class=\"ds-markdown-paragraph\" data-cya11y-org-font-size=\"22\">Estas jornadas son una excelente oportunidad para iniciar tr\u00e1mites o acceder a m\u00faltiples servicios en un solo lugar. Puedes seguir las redes sociales de <strong>@conapdisvzla<\/strong> y <strong>@fmisionjgh<\/strong> para conocer cu\u00e1ndo se realizar\u00e1n cerca de tu comunidad .<\/p>\t\t\t\t\t\t<\/div>\n\t\t\t\t<\/div>\n\t\t\t\t\t<\/div>\n\t\t<\/div>\n\t\t\t\t\t\t\t<\/div>\n\t\t<\/section>\n\t\t\t\t<section class=\"elementor-section elementor-top-section elementor-element elementor-element-6737b6d elementor-section-boxed elementor-section-height-default elementor-section-height-default\" data-id=\"6737b6d\" data-element_type=\"section\">\n\t\t\t\t\t\t<div class=\"elementor-container elementor-column-gap-default\">\n\t\t\t\t\t<div class=\"elementor-column elementor-col-100 elementor-top-column elementor-element elementor-element-1327746\" data-id=\"1327746\" data-element_type=\"column\">\n\t\t\t<div class=\"elementor-widget-wrap elementor-element-populated\">\n\t\t\t\t\t\t\t\t<div class=\"elementor-element elementor-element-eb61faa elementor-widget elementor-widget-image\" data-id=\"eb61faa\" data-element_type=\"widget\" data-widget_type=\"image.default\">\n\t\t\t\t<div class=\"elementor-widget-container\">\n\t\t\t\t\t\t\t\t\t\t\t\t\t\t\t<img loading=\"lazy\" decoding=\"async\" width=\"1024\" height=\"559\" src=\"http:\/\/misionjosegregoriohernandez.gob.ve\/wp-content\/uploads\/2026\/03\/Gemini_Generated_Image_9vnlwe9vnlwe9vnl-1024x559.png\" class=\"attachment-large size-large\" alt=\"\" srcset=\"http:\/\/misionjosegregoriohernandez.gob.ve\/wp-content\/uploads\/2026\/03\/Gemini_Generated_Image_9vnlwe9vnlwe9vnl-1024x559.png 1024w, http:\/\/misionjosegregoriohernandez.gob.ve\/wp-content\/uploads\/2026\/03\/Gemini_Generated_Image_9vnlwe9vnlwe9vnl-300x164.png 300w, http:\/\/misionjosegregoriohernandez.gob.ve\/wp-content\/uploads\/2026\/03\/Gemini_Generated_Image_9vnlwe9vnlwe9vnl-768x419.png 768w, http:\/\/misionjosegregoriohernandez.gob.ve\/wp-content\/uploads\/2026\/03\/Gemini_Generated_Image_9vnlwe9vnlwe9vnl.png 1408w\" sizes=\"(max-width: 1024px) 100vw, 1024px\" \/>\t\t\t\t\t\t\t\t\t\t\t\t\t\t\t<\/div>\n\t\t\t\t<\/div>\n\t\t\t\t\t<\/div>\n\t\t<\/div>\n\t\t\t\t\t\t\t<\/div>\n\t\t<\/section>\n\t\t\t\t<section class=\"elementor-section elementor-top-section elementor-element elementor-element-c9eb391 elementor-section-boxed elementor-section-height-default elementor-section-height-default\" data-id=\"c9eb391\" data-element_type=\"section\">\n\t\t\t\t\t\t<div class=\"elementor-container elementor-column-gap-default\">\n\t\t\t\t\t<div class=\"elementor-column elementor-col-100 elementor-top-column elementor-element elementor-element-7f40b96\" data-id=\"7f40b96\" data-element_type=\"column\">\n\t\t\t<div class=\"elementor-widget-wrap elementor-element-populated\">\n\t\t\t\t\t\t\t\t<div class=\"elementor-element elementor-element-1a21341 elementor-widget elementor-widget-text-editor\" data-id=\"1a21341\" data-element_type=\"widget\" data-widget_type=\"text-editor.default\">\n\t\t\t\t<div class=\"elementor-widget-container\">\n\t\t\t\t\t\t\t<h2>\u00bfCu\u00e1l es el t\u00e9rmino correcto para referirse a personas con discapacidad?<\/h2><p>Es importante emplear un lenguaje que no promueva estereotipos ni contribuya a la discriminaci\u00f3n contra personas con discapacidad. Se prefieren t\u00e9rminos respetuosos que pongan \u00e9nfasis en la individualidad de cada persona.\u00a0<\/p><p>A continuaci\u00f3n, se presentan algunas directrices espec\u00edficas y ejemplos para abordar la discapacidad de manera inclusiva:<\/p>\t\t\t\t\t\t<\/div>\n\t\t\t\t<\/div>\n\t\t\t\t\t<\/div>\n\t\t<\/div>\n\t\t\t\t\t\t\t<\/div>\n\t\t<\/section>\n\t\t\t\t<section class=\"elementor-section elementor-top-section elementor-element elementor-element-5074c25 elementor-section-boxed elementor-section-height-default elementor-section-height-default\" data-id=\"5074c25\" data-element_type=\"section\">\n\t\t\t\t\t\t<div class=\"elementor-container elementor-column-gap-default\">\n\t\t\t\t\t<div class=\"elementor-column elementor-col-100 elementor-top-column elementor-element elementor-element-d6f8ed7\" data-id=\"d6f8ed7\" data-element_type=\"column\">\n\t\t\t<div class=\"elementor-widget-wrap elementor-element-populated\">\n\t\t\t\t\t\t\t\t<div class=\"elementor-element elementor-element-004e3a2 elementor-widget elementor-widget-text-editor\" data-id=\"004e3a2\" data-element_type=\"widget\" data-widget_type=\"text-editor.default\">\n\t\t\t\t<div class=\"elementor-widget-container\">\n\t\t\t\t\t\t\t<h2 style=\"text-align: center;\" data-path-to-node=\"3\">Gu\u00eda de Lenguaje Inclusivo\u00a0<\/h2>\t\t\t\t\t\t<\/div>\n\t\t\t\t<\/div>\n\t\t\t\t\t<\/div>\n\t\t<\/div>\n\t\t\t\t\t\t\t<\/div>\n\t\t<\/section>\n\t\t\t\t<section class=\"elementor-section elementor-top-section elementor-element elementor-element-982d2fa elementor-section-boxed elementor-section-height-default elementor-section-height-default\" data-id=\"982d2fa\" data-element_type=\"section\">\n\t\t\t\t\t\t<div class=\"elementor-container elementor-column-gap-default\">\n\t\t\t\t\t<div class=\"elementor-column elementor-col-50 elementor-top-column elementor-element elementor-element-307011a\" data-id=\"307011a\" data-element_type=\"column\">\n\t\t\t<div class=\"elementor-widget-wrap elementor-element-populated\">\n\t\t\t\t\t\t\t\t<div class=\"elementor-element elementor-element-5d1a964 elementor-widget elementor-widget-text-editor\" data-id=\"5d1a964\" data-element_type=\"widget\" data-widget_type=\"text-editor.default\">\n\t\t\t\t<div class=\"elementor-widget-container\">\n\t\t\t\t\t\t\t<h2 data-path-to-node=\"4\">1. Terminolog\u00eda Legal y Humana<\/h2><p data-path-to-node=\"5\">En Venezuela, el t\u00e9rmino jur\u00eddico y social correcto es <b data-path-to-node=\"5\" data-index-in-node=\"55\">Persona con Discapacidad (PcD)<\/b>. Debemos evitar t\u00e9rminos antiguos como &#8220;incapaces&#8221;, &#8220;minusv\u00e1lidos&#8221; o &#8220;impedidos&#8221;, que a\u00fan aparecen en algunos registros viejos pero que ya no cumplen con la normativa actual.<\/p><ul data-path-to-node=\"6\"><li><p data-path-to-node=\"6,0,0\"><b data-path-to-node=\"6,0,0\" data-index-in-node=\"0\">Correcto:<\/b> &#8220;Ciudadano con discapacidad&#8221;.<\/p><\/li><li><p data-path-to-node=\"6,1,0\"><b data-path-to-node=\"6,1,0\" data-index-in-node=\"0\">Evitar:<\/b> &#8220;El discapacitado&#8221; o &#8220;el enfermito&#8221;.<\/p><\/li><li><p data-path-to-node=\"6,2,0\"><b data-path-to-node=\"6,2,0\" data-index-in-node=\"0\">Raz\u00f3n:<\/b> Al igual que en espacios acad\u00e9micos, se busca resaltar la condici\u00f3n de <strong>Persona con discapacidad<\/strong>.<\/p><\/li><\/ul><p>Persona<\/p>\t\t\t\t\t\t<\/div>\n\t\t\t\t<\/div>\n\t\t\t\t\t<\/div>\n\t\t<\/div>\n\t\t\t\t<div class=\"elementor-column elementor-col-50 elementor-top-column elementor-element elementor-element-6424ab4\" data-id=\"6424ab4\" data-element_type=\"column\">\n\t\t\t<div class=\"elementor-widget-wrap elementor-element-populated\">\n\t\t\t\t\t\t\t\t<div class=\"elementor-element elementor-element-64fff15 elementor-widget elementor-widget-text-editor\" data-id=\"64fff15\" data-element_type=\"widget\" data-widget_type=\"text-editor.default\">\n\t\t\t\t<div class=\"elementor-widget-container\">\n\t\t\t\t\t\t\t<h2 data-path-to-node=\"7\">2. Sustituci\u00f3n de T\u00e9rminos Victimizantes<\/h2><p data-path-to-node=\"8\">Es com\u00fan en el lenguaje coloquial venezolano usar t\u00e9rminos que generan l\u00e1stima. Debemos transformar esa narrativa:<\/p><ul data-path-to-node=\"9\"><li><p data-path-to-node=\"9,0,0\"><b data-path-to-node=\"9,0,0\" data-index-in-node=\"0\">En lugar de:<\/b> &#8220;Sufre de&#8230;&#8221;, &#8220;Padece de&#8230;&#8221; o &#8220;Es v\u00edctima de&#8230;&#8221;.<\/p><\/li><li><p data-path-to-node=\"9,1,0\"><b data-path-to-node=\"9,1,0\" data-index-in-node=\"0\">Usa:<\/b> &#8220;Es una persona con&#8230;&#8221;, &#8220;Presenta una condici\u00f3n de&#8230;&#8221; o <b data-path-to-node=\"9,1,0\" data-index-in-node=\"63\">&#8220;Vive con&#8230;&#8221;<\/b>.<\/p><\/li><li><p data-path-to-node=\"9,2,0\"><b data-path-to-node=\"9,2,0\" data-index-in-node=\"0\">Ejemplo adaptado:<\/b> &#8220;Carlos vive con una discapacidad motora&#8221;, en lugar de &#8220;Carlos est\u00e1 postrado en una silla de ruedas&#8221;.<\/p><\/li><\/ul>\t\t\t\t\t\t<\/div>\n\t\t\t\t<\/div>\n\t\t\t\t\t<\/div>\n\t\t<\/div>\n\t\t\t\t\t\t\t<\/div>\n\t\t<\/section>\n\t\t\t\t<section class=\"elementor-section elementor-top-section elementor-element elementor-element-03b3dd2 elementor-section-boxed elementor-section-height-default elementor-section-height-default\" data-id=\"03b3dd2\" data-element_type=\"section\">\n\t\t\t\t\t\t<div class=\"elementor-container elementor-column-gap-default\">\n\t\t\t\t\t<div class=\"elementor-column elementor-col-50 elementor-top-column elementor-element elementor-element-d9334ed\" data-id=\"d9334ed\" data-element_type=\"column\">\n\t\t\t<div class=\"elementor-widget-wrap elementor-element-populated\">\n\t\t\t\t\t\t\t\t<div class=\"elementor-element elementor-element-106d0de elementor-widget elementor-widget-text-editor\" data-id=\"106d0de\" data-element_type=\"widget\" data-widget_type=\"text-editor.default\">\n\t\t\t\t<div class=\"elementor-widget-container\">\n\t\t\t\t\t\t\t<h2 data-path-to-node=\"10\">3. Precisi\u00f3n seg\u00fan el CONAPDIS<\/h2><p data-path-to-node=\"11\">Para informes t\u00e9cnicos o administrativos en instituciones venezolanas, es vital ser espec\u00edficos con la clasificaci\u00f3n nacional:<\/p><ul data-path-to-node=\"12\"><li><p data-path-to-node=\"12,0,0\"><b data-path-to-node=\"12,0,0\" data-index-in-node=\"0\">Discapacidad Visual:<\/b> (Personas ciegas o con baja visi\u00f3n).<\/p><\/li><li><p data-path-to-node=\"12,1,0\"><b data-path-to-node=\"12,1,0\" data-index-in-node=\"0\">Discapacidad Auditiva:<\/b> (Personas sordas o con hipoacusia). No usar &#8220;sordomudo&#8221;.<\/p><\/li><li><p data-path-to-node=\"12,2,0\"><b data-path-to-node=\"12,2,0\" data-index-in-node=\"0\">Discapacidad Intelectual:<\/b> (No usar &#8220;retardo mental&#8221;, t\u00e9rmino ya en desuso acad\u00e9mico).<\/p><\/li><li><p data-path-to-node=\"12,3,0\"><b data-path-to-node=\"12,3,0\" data-index-in-node=\"0\">Discapacidad Psicosocial:<\/b> (En lugar de &#8220;loco&#8221; o &#8220;demente&#8221;).<\/p><\/li><\/ul>\t\t\t\t\t\t<\/div>\n\t\t\t\t<\/div>\n\t\t\t\t\t<\/div>\n\t\t<\/div>\n\t\t\t\t<div class=\"elementor-column elementor-col-50 elementor-top-column elementor-element elementor-element-7c5a08a\" data-id=\"7c5a08a\" data-element_type=\"column\">\n\t\t\t<div class=\"elementor-widget-wrap elementor-element-populated\">\n\t\t\t\t\t\t\t\t<div class=\"elementor-element elementor-element-1ae3413 elementor-widget elementor-widget-text-editor\" data-id=\"1ae3413\" data-element_type=\"widget\" data-widget_type=\"text-editor.default\">\n\t\t\t\t<div class=\"elementor-widget-container\">\n\t\t\t\t\t\t\t<h2 data-path-to-node=\"13\">4. Enfoque en la Inclusi\u00f3n Laboral (Art. 28 de la Ley)<\/h2><p data-path-to-node=\"14\">Dado que la ley venezolana exige un <b data-path-to-node=\"14\" data-index-in-node=\"36\">5% de inserci\u00f3n laboral<\/b> en empresas p\u00fablicas y privadas, el lenguaje debe reflejar competencia profesional:<\/p><ul data-path-to-node=\"15\"><li><p data-path-to-node=\"15,0,0\"><b data-path-to-node=\"15,0,0\" data-index-in-node=\"0\">Ejemplo:<\/b> &#8220;El analista de sistemas, quien es una persona con discapacidad auditiva, liderar\u00e1 el proyecto&#8221;.<\/p><\/li><li><p data-path-to-node=\"15,1,0\"><b data-path-to-node=\"15,1,0\" data-index-in-node=\"0\">Enfoque:<\/b> Resaltar el cargo y la habilidad antes que el beneficio de ley o la condici\u00f3n.<\/p><\/li><\/ul>\t\t\t\t\t\t<\/div>\n\t\t\t\t<\/div>\n\t\t\t\t\t<\/div>\n\t\t<\/div>\n\t\t\t\t\t\t\t<\/div>\n\t\t<\/section>\n\t\t\t\t<section class=\"elementor-section elementor-top-section elementor-element elementor-element-32f2ded elementor-section-boxed elementor-section-height-default elementor-section-height-default\" data-id=\"32f2ded\" data-element_type=\"section\">\n\t\t\t\t\t\t<div class=\"elementor-container elementor-column-gap-default\">\n\t\t\t\t\t<div class=\"elementor-column elementor-col-100 elementor-top-column elementor-element elementor-element-dad961a\" data-id=\"dad961a\" data-element_type=\"column\">\n\t\t\t<div class=\"elementor-widget-wrap elementor-element-populated\">\n\t\t\t\t\t\t\t\t<div class=\"elementor-element elementor-element-c32ab7c elementor-widget elementor-widget-text-editor\" data-id=\"c32ab7c\" data-element_type=\"widget\" data-widget_type=\"text-editor.default\">\n\t\t\t\t<div class=\"elementor-widget-container\">\n\t\t\t\t\t\t\t<div class=\"table-content not-end-of-paragraph\" data-hveid=\"0\" data-ved=\"0CAAQ3ecQahgKEwiI2s2mx6STAxUAAAAAHQAAAAAQqAE\"><table data-path-to-node=\"21\"><thead><tr><td><strong>T\u00e9rmino Com\u00fan en Venezuela<\/strong><\/td><td><strong>T\u00e9rmino Sugerido\u00a0<\/strong><\/td><\/tr><\/thead><tbody><tr><td><span data-path-to-node=\"21,1,0,0\">Sordomudo<\/span><\/td><td><span data-path-to-node=\"21,1,1,0\">Persona con discapacidad auditiva \/ Persona Sorda<\/span><\/td><\/tr><tr><td><span data-path-to-node=\"21,2,0,0\">Cieguito<\/span><\/td><td><span data-path-to-node=\"21,2,1,0\">Persona con discapacidad visual<\/span><\/td><\/tr><tr><td><span data-path-to-node=\"21,3,0,0\">El cojito \/ El lisiado<\/span><\/td><td><span data-path-to-node=\"21,3,1,0\">Persona con discapacidad f\u00edsico-motora<\/span><\/td><\/tr><tr><td><span data-path-to-node=\"21,4,0,0\">Mongolito \/ Retardado<\/span><\/td><td><span data-path-to-node=\"21,4,1,0\">Persona con discapacidad intelectual \/ Condici\u00f3n del espectro autista<\/span><\/td><\/tr><tr><td><span data-path-to-node=\"21,5,0,0\">Incapaz<\/span><\/td><td><span data-path-to-node=\"21,5,1,0\">Persona con diversidad funcional o discapacidad<\/span><\/td><\/tr><\/tbody><\/table><\/div>\t\t\t\t\t\t<\/div>\n\t\t\t\t<\/div>\n\t\t\t\t\t<\/div>\n\t\t<\/div>\n\t\t\t\t\t\t\t<\/div>\n\t\t<\/section>\n\t\t\t\t\t\t<\/div>\n\t\t\t\t\t<\/div>\n\t\t<div class=\"gsp_post_data\" data-post_type=\"page\" data-cat=\"\" data-modified=\"120\" data-title=\"Informaci\u00f3n de inter\u00e9s\" data-home=\"http:\/\/misionjosegregoriohernandez.gob.ve\"><\/div>","protected":false},"excerpt":{"rendered":"<p>\ud83d\udccc GU\u00cdA INFORMATIVA PARA PERSONAS CON DISCAPACIDAD (PcD) EN VENEZUELA Atenci\u00f3n y Apoyo a trav\u00e9s de la Fundaci\u00f3n Misi\u00f3n Jos\u00e9 Gregorio Hern\u00e1ndez Si t\u00fa o un familiar tienen una discapacidad, es fundamental que conozcas que la ley te respalda. En Venezuela, existen instituciones y derechos&#46;&#46;&#46;<\/p>\n","protected":false},"author":1,"featured_media":0,"parent":0,"menu_order":0,"comment_status":"closed","ping_status":"closed","template":"","meta":{"footnotes":""},"_links":{"self":[{"href":"http:\/\/misionjosegregoriohernandez.gob.ve\/index.php?rest_route=\/wp\/v2\/pages\/16448"}],"collection":[{"href":"http:\/\/misionjosegregoriohernandez.gob.ve\/index.php?rest_route=\/wp\/v2\/pages"}],"about":[{"href":"http:\/\/misionjosegregoriohernandez.gob.ve\/index.php?rest_route=\/wp\/v2\/types\/page"}],"author":[{"embeddable":true,"href":"http:\/\/misionjosegregoriohernandez.gob.ve\/index.php?rest_route=\/wp\/v2\/users\/1"}],"replies":[{"embeddable":true,"href":"http:\/\/misionjosegregoriohernandez.gob.ve\/index.php?rest_route=%2Fwp%2Fv2%2Fcomments&post=16448"}],"version-history":[{"count":223,"href":"http:\/\/misionjosegregoriohernandez.gob.ve\/index.php?rest_route=\/wp\/v2\/pages\/16448\/revisions"}],"predecessor-version":[{"id":16821,"href":"http:\/\/misionjosegregoriohernandez.gob.ve\/index.php?rest_route=\/wp\/v2\/pages\/16448\/revisions\/16821"}],"wp:attachment":[{"href":"http:\/\/misionjosegregoriohernandez.gob.ve\/index.php?rest_route=%2Fwp%2Fv2%2Fmedia&parent=16448"}],"curies":[{"name":"wp","href":"https:\/\/api.w.org\/{rel}","templated":true}]}}